{"id":3224,"date":"2022-01-22T13:28:38","date_gmt":"2022-01-22T12:28:38","guid":{"rendered":"https:\/\/www.si-franconville.fr\/?page_id=3224"},"modified":"2022-05-11T14:48:05","modified_gmt":"2022-05-11T12:48:05","slug":"exposition-de-2019","status":"publish","type":"page","link":"https:\/\/www.si-franconville.fr\/index.php\/exposition-de-2019\/","title":{"rendered":"Exposition de 2019"},"content":{"rendered":"<table style=\"border-collapse: collapse; width: 70.0615%;\">\n<tbody>\n<tr>\n<td style=\"width: 100%;\"><span style=\"font-family: arial, helvetica, sans-serif;\"><span style=\"background-color: #ff9900; font-size: 14pt;\">\u00a0Mon exposition r\u00e9alis\u00e9e en f\u00e9vrier mars 2019<\/span><br \/>\n<\/span><\/td>\n<\/tr>\n<\/tbody>\n<\/table>\n<p><img loading=\"lazy\" decoding=\"async\" class=\"alignnone wp-image-3227 size-full\" src=\"https:\/\/www.si-franconville.fr\/wp-content\/uploads\/2022\/01\/Lexposition-de-2019_001.jpg\" alt=\"\" width=\"793\" height=\"1122\" srcset=\"https:\/\/www.si-franconville.fr\/wp-content\/uploads\/2022\/01\/Lexposition-de-2019_001.jpg 793w, https:\/\/www.si-franconville.fr\/wp-content\/uploads\/2022\/01\/Lexposition-de-2019_001-212x300.jpg 212w, https:\/\/www.si-franconville.fr\/wp-content\/uploads\/2022\/01\/Lexposition-de-2019_001-424x600.jpg 424w, https:\/\/www.si-franconville.fr\/wp-content\/uploads\/2022\/01\/Lexposition-de-2019_001-768x1087.jpg 768w, https:\/\/www.si-franconville.fr\/wp-content\/uploads\/2022\/01\/Lexposition-de-2019_001-620x877.jpg 620w\" sizes=\"auto, (max-width: 793px) 100vw, 793px\" \/><\/p>\n<p><img loading=\"lazy\" decoding=\"async\" class=\"alignnone wp-image-3228 size-full\" src=\"https:\/\/www.si-franconville.fr\/wp-content\/uploads\/2022\/01\/Lexposition-de-2019_002.jpg\" alt=\"\" width=\"793\" height=\"1122\" srcset=\"https:\/\/www.si-franconville.fr\/wp-content\/uploads\/2022\/01\/Lexposition-de-2019_002.jpg 793w, https:\/\/www.si-franconville.fr\/wp-content\/uploads\/2022\/01\/Lexposition-de-2019_002-212x300.jpg 212w, https:\/\/www.si-franconville.fr\/wp-content\/uploads\/2022\/01\/Lexposition-de-2019_002-424x600.jpg 424w, https:\/\/www.si-franconville.fr\/wp-content\/uploads\/2022\/01\/Lexposition-de-2019_002-768x1087.jpg 768w, https:\/\/www.si-franconville.fr\/wp-content\/uploads\/2022\/01\/Lexposition-de-2019_002-620x877.jpg 620w\" sizes=\"auto, (max-width: 793px) 100vw, 793px\" \/><\/p>\n<table style=\"width: 0%;\" width=\"513\">\n<tbody>\n<tr>\n<td style=\"width: 100%;\" width=\"513\"><\/td>\n<\/tr>\n<\/tbody>\n<\/table>\n<table style=\"border-collapse: collapse; width: 100%; height: 24px;\">\n<tbody>\n<tr style=\"height: 24px;\">\n<td style=\"width: 50%; height: 24px;\"><span style=\"background-color: #ffcc00;\"><a style=\"background-color: #ffcc00;\" href=\"https:\/\/www.si-franconville.fr\/index.php\/les-arbres-commemoratifs-2\/\">https:\/\/www.si-franconville.fr\/index.php\/les-arbres-commemoratifs-2\/ \u200e<\/a><\/span><\/td>\n<td style=\"width: 49.9561%; height: 24px;\" width=\"513\"><span style=\"background-color: #ffcc00;\"><a style=\"background-color: #ffcc00;\" href=\"https:\/\/www.si-franconville.fr\/index.php\/autel-de-la-patrie\/\">https:\/\/www.si-franconville.fr\/index.php\/autel-de-la-patrie\/ <\/a><\/span><\/td>\n<\/tr>\n<\/tbody>\n<\/table>\n<table style=\"width: 0%;\" width=\"513\">\n<tbody>\n<tr>\n<td style=\"width: 100%;\" width=\"513\"><\/td>\n<\/tr>\n<\/tbody>\n<\/table>\n<p><img loading=\"lazy\" decoding=\"async\" class=\"alignnone wp-image-3229 size-full\" src=\"https:\/\/www.si-franconville.fr\/wp-content\/uploads\/2022\/01\/Lexposition-de-2019_003.jpg\" alt=\"\" width=\"793\" height=\"1122\" srcset=\"https:\/\/www.si-franconville.fr\/wp-content\/uploads\/2022\/01\/Lexposition-de-2019_003.jpg 793w, https:\/\/www.si-franconville.fr\/wp-content\/uploads\/2022\/01\/Lexposition-de-2019_003-212x300.jpg 212w, https:\/\/www.si-franconville.fr\/wp-content\/uploads\/2022\/01\/Lexposition-de-2019_003-424x600.jpg 424w, https:\/\/www.si-franconville.fr\/wp-content\/uploads\/2022\/01\/Lexposition-de-2019_003-768x1087.jpg 768w, https:\/\/www.si-franconville.fr\/wp-content\/uploads\/2022\/01\/Lexposition-de-2019_003-620x877.jpg 620w\" sizes=\"auto, (max-width: 793px) 100vw, 793px\" \/><\/p>\n<table style=\"border-collapse: collapse; width: 100%; height: 24px;\">\n<tbody>\n<tr style=\"height: 24px;\">\n<td style=\"width: 50%; height: 24px;\"><a href=\"https:\/\/www.si-franconville.fr\/index.php\/rue-de-lermitage\/\"><span style=\"background-color: #ffcc00;\">https:\/\/www.si-franconville.fr\/index.php\/rue-de-lermitage\/<\/span><\/a><\/td>\n<td style=\"width: 50%; height: 24px;\"><\/td>\n<\/tr>\n<\/tbody>\n<\/table>\n<p><img loading=\"lazy\" decoding=\"async\" class=\"alignnone wp-image-3230 size-full\" src=\"https:\/\/www.si-franconville.fr\/wp-content\/uploads\/2022\/01\/Lexposition-de-2019_004.jpg\" alt=\"\" width=\"793\" height=\"1122\" srcset=\"https:\/\/www.si-franconville.fr\/wp-content\/uploads\/2022\/01\/Lexposition-de-2019_004.jpg 793w, https:\/\/www.si-franconville.fr\/wp-content\/uploads\/2022\/01\/Lexposition-de-2019_004-212x300.jpg 212w, https:\/\/www.si-franconville.fr\/wp-content\/uploads\/2022\/01\/Lexposition-de-2019_004-424x600.jpg 424w, https:\/\/www.si-franconville.fr\/wp-content\/uploads\/2022\/01\/Lexposition-de-2019_004-768x1087.jpg 768w, https:\/\/www.si-franconville.fr\/wp-content\/uploads\/2022\/01\/Lexposition-de-2019_004-620x877.jpg 620w\" sizes=\"auto, (max-width: 793px) 100vw, 793px\" \/><\/p>\n<table style=\"border-collapse: collapse; width: 0.351189%;\">\n<tbody>\n<tr>\n<td style=\"width: 100%;\"><\/td>\n<\/tr>\n<\/tbody>\n<\/table>\n<table style=\"border-collapse: collapse; width: 100%;\">\n<tbody>\n<tr>\n<td style=\"width: 50%;\"><a href=\"https:\/\/www.si-franconville.fr\/index.php\/cassini\/\"><span style=\"background-color: #ffcc00;\">https:\/\/www.si-franconville.fr\/index.php\/cassini\/<\/span><\/a><\/td>\n<td style=\"width: 49.9561%;\" width=\"513\"><span style=\"background-color: #ffcc00;\"><a style=\"background-color: #ffcc00;\" href=\"https:\/\/www.si-franconville.fr\/index.php\/chapelle-saint-marc\/\">https:\/\/www.si-franconville.fr\/index.php\/chapelle-saint-marc\/ \u200e<\/a><\/span><\/td>\n<\/tr>\n<\/tbody>\n<\/table>\n<p><img loading=\"lazy\" decoding=\"async\" class=\"alignnone wp-image-3231 size-full\" src=\"https:\/\/www.si-franconville.fr\/wp-content\/uploads\/2022\/01\/Lexposition-de-2019_005.jpg\" alt=\"\" width=\"793\" height=\"1122\" srcset=\"https:\/\/www.si-franconville.fr\/wp-content\/uploads\/2022\/01\/Lexposition-de-2019_005.jpg 793w, https:\/\/www.si-franconville.fr\/wp-content\/uploads\/2022\/01\/Lexposition-de-2019_005-212x300.jpg 212w, https:\/\/www.si-franconville.fr\/wp-content\/uploads\/2022\/01\/Lexposition-de-2019_005-424x600.jpg 424w, https:\/\/www.si-franconville.fr\/wp-content\/uploads\/2022\/01\/Lexposition-de-2019_005-768x1087.jpg 768w, https:\/\/www.si-franconville.fr\/wp-content\/uploads\/2022\/01\/Lexposition-de-2019_005-620x877.jpg 620w\" sizes=\"auto, (max-width: 793px) 100vw, 793px\" \/><\/p>\n<table style=\"border-collapse: collapse; width: 100%; height: 24px;\">\n<tbody>\n<tr style=\"height: 24px;\">\n<td style=\"width: 49.9561%; height: 24px;\" width=\"513\"><span style=\"background-color: #ffcc00;\"><a style=\"background-color: #ffcc00;\" href=\"https:\/\/www.si-franconville.fr\/index.php\/ecole-jeanne-darc\/\">https:\/\/www.si-franconville.fr\/index.php\/ecole-jeanne-darc\/ \u200e<\/a><\/span><\/td>\n<td style=\"width: 50%; height: 24px;\"><a href=\"https:\/\/www.si-franconville.fr\/index.php\/la-grande-cour\/\"><span style=\"background-color: #ffcc00;\">https:\/\/www.si-franconville.fr\/index.php\/la-grande-cour\/<\/span><\/a><\/td>\n<\/tr>\n<\/tbody>\n<\/table>\n<table style=\"border-collapse: collapse; width: 100%; height: 58px;\">\n<tbody>\n<tr style=\"height: 58px;\">\n<td style=\"width: 50%; height: 58px;\"><a href=\"https:\/\/www.si-franconville.fr\/index.php\/ap-1900\/\"><span style=\"background-color: #ffcc00;\">https:\/\/www.si-franconville.fr\/index.php\/ap-1900\/<\/span><\/a><\/p>\n<table style=\"border-collapse: collapse; width: 0%; height: 5px;\">\n<tbody>\n<tr style=\"height: 10px;\">\n<td style=\"width: 49.9561%; height: 10px;\" width=\"513\"><\/td>\n<td style=\"width: 50%; height: 10px;\"><\/td>\n<\/tr>\n<\/tbody>\n<\/table>\n<\/td>\n<td style=\"width: 50%; height: 58px;\"><a href=\"https:\/\/www.si-franconville.fr\/index.php\/lecole-avant-1950\/\"><span style=\"background-color: #ffcc00;\">https:\/\/www.si-franconville.fr\/index.php\/lecole-avant-1950\/<\/span><\/a><\/td>\n<\/tr>\n<\/tbody>\n<\/table>\n<p><img loading=\"lazy\" decoding=\"async\" class=\"alignnone wp-image-3232 size-full\" src=\"https:\/\/www.si-franconville.fr\/wp-content\/uploads\/2022\/01\/Lexposition-de-2019_006.jpg\" alt=\"\" width=\"793\" height=\"1122\" srcset=\"https:\/\/www.si-franconville.fr\/wp-content\/uploads\/2022\/01\/Lexposition-de-2019_006.jpg 793w, https:\/\/www.si-franconville.fr\/wp-content\/uploads\/2022\/01\/Lexposition-de-2019_006-212x300.jpg 212w, https:\/\/www.si-franconville.fr\/wp-content\/uploads\/2022\/01\/Lexposition-de-2019_006-424x600.jpg 424w, https:\/\/www.si-franconville.fr\/wp-content\/uploads\/2022\/01\/Lexposition-de-2019_006-768x1087.jpg 768w, https:\/\/www.si-franconville.fr\/wp-content\/uploads\/2022\/01\/Lexposition-de-2019_006-620x877.jpg 620w\" sizes=\"auto, (max-width: 793px) 100vw, 793px\" \/><\/p>\n<table style=\"border-collapse: collapse; width: 100%; height: 24px;\">\n<tbody>\n<tr style=\"height: 24px;\">\n<td style=\"width: 48.1563%; height: 24px;\"><a href=\"https:\/\/www.si-franconville.fr\/index.php\/le-cimetiere\/\"><span style=\"background-color: #ffcc00;\">https:\/\/www.si-franconville.fr\/index.php\/le-cimetiere\/<\/span><\/a><\/td>\n<td style=\"width: 51.8437%; height: 24px;\"><a href=\"https:\/\/www.si-franconville.fr\/index.php\/place-saint-marc\/\"><span style=\"background-color: #ffcc00;\">https:\/\/www.si-franconville.fr\/index.php\/place-saint-marc\/<\/span><\/a><\/td>\n<\/tr>\n<\/tbody>\n<\/table>\n<table style=\"border-collapse: collapse; width: 100%;\">\n<tbody>\n<tr>\n<td style=\"width: 47.849%;\" width=\"513\"><span style=\"background-color: #ffcc00;\"><a style=\"background-color: #ffcc00;\" href=\"https:\/\/www.si-franconville.fr\/index.php\/comte-dalbon\/\">https:\/\/www.si-franconville.fr\/index.php\/comte-dalbon\/ \u200e<\/a><\/span><\/td>\n<td style=\"width: 52.151%;\" width=\"513\"><span style=\"background-color: #ffcc00;\"><a style=\"background-color: #ffcc00;\" href=\"https:\/\/www.si-franconville.fr\/index.php\/jardins-de-la-comtesse-dalbon\/\">https:\/\/www.si-franconville.fr\/index.php\/jardins-de-la-comtesse-dalbon\/ \u200e<\/a><\/span><\/td>\n<\/tr>\n<\/tbody>\n<\/table>\n<p><img loading=\"lazy\" decoding=\"async\" class=\"alignnone wp-image-3225 size-full\" src=\"https:\/\/www.si-franconville.fr\/wp-content\/uploads\/2022\/01\/Lexposition-de-2019_007.jpg\" alt=\"\" width=\"793\" height=\"1122\" srcset=\"https:\/\/www.si-franconville.fr\/wp-content\/uploads\/2022\/01\/Lexposition-de-2019_007.jpg 793w, https:\/\/www.si-franconville.fr\/wp-content\/uploads\/2022\/01\/Lexposition-de-2019_007-212x300.jpg 212w, https:\/\/www.si-franconville.fr\/wp-content\/uploads\/2022\/01\/Lexposition-de-2019_007-424x600.jpg 424w, https:\/\/www.si-franconville.fr\/wp-content\/uploads\/2022\/01\/Lexposition-de-2019_007-768x1087.jpg 768w, https:\/\/www.si-franconville.fr\/wp-content\/uploads\/2022\/01\/Lexposition-de-2019_007-620x877.jpg 620w\" sizes=\"auto, (max-width: 793px) 100vw, 793px\" \/><\/p>\n<table style=\"border-collapse: collapse; width: 100%;\">\n<tbody>\n<tr>\n<td style=\"width: 50%;\"><a href=\"https:\/\/www.si-franconville.fr\/index.php\/maison-suger-2\/\"><span style=\"background-color: #ffcc00;\">https:\/\/www.si-franconville.fr\/index.php\/maison-suger-2\/<\/span><\/a><\/td>\n<td style=\"width: 49.9561%;\" width=\"513\"><span style=\"background-color: #ffcc00;\"><a style=\"background-color: #ffcc00;\" href=\"https:\/\/www.si-franconville.fr\/index.php\/fontaines\/%20\u200e\">https:\/\/www.si-franconville.fr\/index.php\/fontaines\/ \u200e<\/a><\/span><\/td>\n<\/tr>\n<\/tbody>\n<\/table>\n<p><img loading=\"lazy\" decoding=\"async\" class=\"alignnone wp-image-3226 size-full\" src=\"https:\/\/www.si-franconville.fr\/wp-content\/uploads\/2022\/01\/Lexposition-de-2019_008.jpg\" alt=\"\" width=\"793\" height=\"1122\" srcset=\"https:\/\/www.si-franconville.fr\/wp-content\/uploads\/2022\/01\/Lexposition-de-2019_008.jpg 793w, https:\/\/www.si-franconville.fr\/wp-content\/uploads\/2022\/01\/Lexposition-de-2019_008-212x300.jpg 212w, https:\/\/www.si-franconville.fr\/wp-content\/uploads\/2022\/01\/Lexposition-de-2019_008-424x600.jpg 424w, https:\/\/www.si-franconville.fr\/wp-content\/uploads\/2022\/01\/Lexposition-de-2019_008-768x1087.jpg 768w, https:\/\/www.si-franconville.fr\/wp-content\/uploads\/2022\/01\/Lexposition-de-2019_008-620x877.jpg 620w\" sizes=\"auto, (max-width: 793px) 100vw, 793px\" \/><\/p>\n<table style=\"border-collapse: collapse; width: 100%;\">\n<tbody>\n<tr>\n<td style=\"width: 50%;\"><a href=\"https:\/\/www.si-franconville.fr\/index.php\/les-orgues-2\/\"><span style=\"background-color: #ffcc00;\">https:\/\/www.si-franconville.fr\/index.php\/les-orgues-2\/<\/span><\/a><\/td>\n<td style=\"width: 49.9561%;\" width=\"513\"><span style=\"background-color: #ffcc00;\"><a style=\"background-color: #ffcc00;\" href=\"https:\/\/www.si-franconville.fr\/index.php\/eglise-notre-dame-des-noues\/\">https:\/\/www.si-franconville.fr\/index.php\/eglise-notre-dame-des-noues\/ \u200e<\/a><\/span><\/td>\n<\/tr>\n<tr>\n<td style=\"width: 50%;\"><a href=\"https:\/\/www.si-franconville.fr\/index.php\/les-vitraux-2\/\"><span style=\"background-color: #ffcc00;\">https:\/\/www.si-franconville.fr\/index.php\/les-vitraux-2\/<\/span><\/a><\/td>\n<td style=\"width: 49.9561%;\"><span style=\"background-color: #ffcc00;\">\u00a0<a style=\"background-color: #ffcc00;\" href=\"https:\/\/www.si-franconville.fr\/index.php\/table-du-site-16-janvier\/\">Table du site<\/a><\/span><\/td>\n<\/tr>\n<\/tbody>\n<\/table>\n<p>Sommaire du document.<\/p>\n<p><span style=\"font-family: arial, helvetica, sans-serif;\">L&rsquo;arbre de la libert\u00e9, les arbres comm\u00e9moratifs, autel de la patrie, rue de l&rsquo;Ermitage, C\u00e9sar Fran\u00e7ois Cassini de Thury, chapelle Saint-Marc, Ecole Jeanne d&rsquo;Arc,<\/span><\/p>\n<p>La Grande Cour, Eglise Sainte Marie Madeleine, il \u00e9tait une fois l&rsquo;\u00e9cole, le cimeti\u00e8re, les jardins de la comtesse d&rsquo;Albon, la Parc, maison Suger, l&rsquo;Orgue \u00e0 Sainte Marie Madeleine, les vitraux des \u00e9glises. Si franconville nous \u00e9tait cont\u00e9.<\/p>\n","protected":false},"excerpt":{"rendered":"<p>\u00a0Mon exposition r\u00e9alis\u00e9e en f\u00e9vrier mars 2019 https:\/\/www.si-franconville.fr\/index.php\/les-arbres-commemoratifs-2\/ \u200e https:\/\/www.si-franconville.fr\/index.php\/autel-de-la-patrie\/ https:\/\/www.si-franconville.fr\/index.php\/rue-de-lermitage\/ https:\/\/www.si-franconville.fr\/index.php\/cassini\/ https:\/\/www.si-franconville.fr\/index.php\/chapelle-saint-marc\/ \u200e https:\/\/www.si-franconville.fr\/index.php\/ecole-jeanne-darc\/ \u200e https:\/\/www.si-franconville.fr\/index.php\/la-grande-cour\/ https:\/\/www.si-franconville.fr\/index.php\/ap-1900\/ https:\/\/www.si-franconville.fr\/index.php\/lecole-avant-1950\/ https:\/\/www.si-franconville.fr\/index.php\/le-cimetiere\/ https:\/\/www.si-franconville.fr\/index.php\/place-saint-marc\/ https:\/\/www.si-franconville.fr\/index.php\/comte-dalbon\/ \u200e https:\/\/www.si-franconville.fr\/index.php\/jardins-de-la-comtesse-dalbon\/ \u200e https:\/\/www.si-franconville.fr\/index.php\/maison-suger-2\/ https:\/\/www.si-franconville.fr\/index.php\/fontaines\/ \u200e https:\/\/www.si-franconville.fr\/index.php\/les-orgues-2\/ https:\/\/www.si-franconville.fr\/index.php\/eglise-notre-dame-des-noues\/ \u200e https:\/\/www.si-franconville.fr\/index.php\/les-vitraux-2\/ \u00a0Table du site Sommaire du document. L&rsquo;arbre de la libert\u00e9, les arbres comm\u00e9moratifs, autel de la patrie, rue de l&rsquo;Ermitage, C\u00e9sar Fran\u00e7ois Cassini [&hellip;]<\/p>\n","protected":false},"author":1,"featured_media":0,"parent":0,"menu_order":0,"comment_status":"closed","ping_status":"closed","template":"","meta":{"_monsterinsights_skip_tracking":false,"_monsterinsights_sitenote_active":false,"_monsterinsights_sitenote_note":"","_monsterinsights_sitenote_category":0,"footnotes":""},"class_list":["post-3224","page","type-page","status-publish","hentry"],"aioseo_notices":[],"_links":{"self":[{"href":"https:\/\/www.si-franconville.fr\/index.php\/wp-json\/wp\/v2\/pages\/3224","targetHints":{"allow":["GET"]}}],"collection":[{"href":"https:\/\/www.si-franconville.fr\/index.php\/wp-json\/wp\/v2\/pages"}],"about":[{"href":"https:\/\/www.si-franconville.fr\/index.php\/wp-json\/wp\/v2\/types\/page"}],"author":[{"embeddable":true,"href":"https:\/\/www.si-franconville.fr\/index.php\/wp-json\/wp\/v2\/users\/1"}],"replies":[{"embeddable":true,"href":"https:\/\/www.si-franconville.fr\/index.php\/wp-json\/wp\/v2\/comments?post=3224"}],"version-history":[{"count":7,"href":"https:\/\/www.si-franconville.fr\/index.php\/wp-json\/wp\/v2\/pages\/3224\/revisions"}],"predecessor-version":[{"id":3536,"href":"https:\/\/www.si-franconville.fr\/index.php\/wp-json\/wp\/v2\/pages\/3224\/revisions\/3536"}],"wp:attachment":[{"href":"https:\/\/www.si-franconville.fr\/index.php\/wp-json\/wp\/v2\/media?parent=3224"}],"curies":[{"name":"wp","href":"https:\/\/api.w.org\/{rel}","templated":true}]}}